{"id":501,"date":"2020-02-28T15:55:26","date_gmt":"2020-02-28T15:55:26","guid":{"rendered":"https:\/\/numerabilis.u-paris.fr\/partenaires\/sfhd\/?page_id=501"},"modified":"2021-03-12T11:57:26","modified_gmt":"2021-03-12T11:57:26","slug":"alfred-hardy","status":"publish","type":"biographie","link":"https:\/\/numerabilis.u-paris.fr\/partenaires\/sfhd\/biographies\/alfred-hardy\/","title":{"rendered":"Alfred HARDY (1811-1893)"},"content":{"rendered":"<p>IHP en 1832, M\u00e9decin des H\u00f4pitaux de Paris en 1839, Hardy fut nomm\u00e9 chef de service \u00e0 Saint-Louis en 1851 successeur de Lugol. Professeur agr\u00e9g\u00e9 \u00e0 la Facult\u00e9 de M\u00e9decine de Paris en 1847, Hardy fut responsable d&rsquo;un cours compl\u00e9mentaire de dermatologie \u00e0 Saint-Louis de 1853 \u00e0 1867 avant d&rsquo;\u00eatre nomm\u00e9 en 1867 Professeur de pathologie interne \u00e0 la Facult\u00e9 de M\u00e9decine de Paris.<\/p>\n<p>Il quitta l&rsquo;H\u00f4pital Saint-Louis en 1876 pour occuper la chaire de Clinique m\u00e9dicale de l&rsquo;H\u00f4pital Necker en remplacement de Bouillaud. La place qu&rsquo;il laissa vacante \u00e0 Saint-Louis fut reprise par Fournier. Pr\u00e9sident du Premier congr\u00e8s international de dermatologie en 1889, Hardy pr\u00e9sida \u00e9galement la Soci\u00e9t\u00e9 fran\u00e7aise de dermatologie et de syphiligraphie fond\u00e9e la m\u00eame ann\u00e9e. Auteur de plusieurs trait\u00e9s g\u00e9n\u00e9raux de dermatologie et de la <a href=\"https:\/\/numerabilis.u-paris.fr\/partenaires\/sfhd\/photographies-historiques\/la-clinique-photographique\/\">Clinique photographique de l&rsquo;H\u00f4pital Saint-Louis<\/a> premier livre fran\u00e7ais consacre \u00e0 la photographie en dermatologie, Hardy, un des derniers \u00e9l\u00e8ves d&rsquo;Alibert, manifesta un int\u00e9r\u00eat particulier pour les relations des maladies de la peau et de la pathologie g\u00e9n\u00e9rale, niant notamment l\u2019id\u00e9e de sp\u00e9cialit\u00e9 en dermatologie.<\/p>\n<p>Il mourut d&rsquo;une pneumonie le 23 janvier 1893.<\/p>\n","protected":false},"excerpt":{"rendered":"<p>IHP en 1832, M\u00e9decin des H\u00f4pitaux de Paris en 1839, Hardy fut nomm\u00e9 chef de service \u00e0 Saint-Louis en 1851 successeur de Lugol. Professeur agr\u00e9g\u00e9 \u00e0 la Facult\u00e9 de M\u00e9decine de Paris en 1847, Hardy fut responsable d&rsquo;un cours compl\u00e9mentaire de dermatologie \u00e0 Saint-Louis de 1853 \u00e0 1867 avant d&rsquo;\u00eatre nomm\u00e9 en 1867 Professeur de &hellip; <a href=\"https:\/\/numerabilis.u-paris.fr\/partenaires\/sfhd\/biographies\/alfred-hardy\/\">Continued<\/a><\/p>\n","protected":false},"author":1,"featured_media":179,"comment_status":"closed","ping_status":"closed","template":"","meta":{"_links_to":"","_links_to_target":""},"_links":{"self":[{"href":"https:\/\/numerabilis.u-paris.fr\/partenaires\/sfhd\/wp-json\/wp\/v2\/biographie\/501"}],"collection":[{"href":"https:\/\/numerabilis.u-paris.fr\/partenaires\/sfhd\/wp-json\/wp\/v2\/biographie"}],"about":[{"href":"https:\/\/numerabilis.u-paris.fr\/partenaires\/sfhd\/wp-json\/wp\/v2\/types\/biographie"}],"author":[{"embeddable":true,"href":"https:\/\/numerabilis.u-paris.fr\/partenaires\/sfhd\/wp-json\/wp\/v2\/users\/1"}],"replies":[{"embeddable":true,"href":"https:\/\/numerabilis.u-paris.fr\/partenaires\/sfhd\/wp-json\/wp\/v2\/comments?post=501"}],"version-history":[{"count":4,"href":"https:\/\/numerabilis.u-paris.fr\/partenaires\/sfhd\/wp-json\/wp\/v2\/biographie\/501\/revisions"}],"predecessor-version":[{"id":1526,"href":"https:\/\/numerabilis.u-paris.fr\/partenaires\/sfhd\/wp-json\/wp\/v2\/biographie\/501\/revisions\/1526"}],"wp:featuredmedia":[{"embeddable":true,"href":"https:\/\/numerabilis.u-paris.fr\/partenaires\/sfhd\/wp-json\/wp\/v2\/media\/179"}],"wp:attachment":[{"href":"https:\/\/numerabilis.u-paris.fr\/partenaires\/sfhd\/wp-json\/wp\/v2\/media?parent=501"}],"curies":[{"name":"wp","href":"https:\/\/api.w.org\/{rel}","templated":true}]}}