{"id":511,"date":"2020-02-28T16:03:35","date_gmt":"2020-02-28T16:03:35","guid":{"rendered":"https:\/\/numerabilis.u-paris.fr\/partenaires\/sfhd\/?page_id=511"},"modified":"2021-03-12T08:43:54","modified_gmt":"2021-03-12T08:43:54","slug":"henri-gougerot","status":"publish","type":"biographie","link":"https:\/\/numerabilis.u-paris.fr\/partenaires\/sfhd\/biographies\/henri-gougerot\/","title":{"rendered":"Henri GOUGEROT (1881-1955)"},"content":{"rendered":"<p>Gougerot fut Externe des H\u00f4pitaux de Paris en 1903, IHP l&rsquo;ann\u00e9e suivante, docteur en m\u00e9decine en 1908.<\/p>\n<p>Moniteur d&rsquo;anatomie pathologique en 1908, Chef de clinique en 1909 dans le service de Landouzy, Gougerot fut professeur agr\u00e9g\u00e9 en 1910 dans le service de Gaucher, chef du laboratoire de phototh\u00e9rapie \u00e0 Saint-Louis de 1910 \u00e0 1914, assistant dans le service de Brocq en 1919, m\u00e9decin des h\u00f4pitaux de Paris en 1921, chef de service \u00e0 l&rsquo;H\u00f4pital Broca en 1927 et chef de service \u00e0 Saint-Louis \u00e0 partir de 1928. Gougerot succ\u00e9da \u00e0 Jeanselme en 1928 en tant que titulaire de la chaire de clinique des maladies cutan\u00e9es et syphilitiques.<\/p>\n<p>President de tr\u00e8s nombreuses soci\u00e9t\u00e9s savantes dans de nombreux pays, Gougerot fut Pr\u00e9sident de la Soci\u00e9t\u00e9 fran\u00e7aise de prophylaxie sanitaire et morale en 1928, Pr\u00e9sident de l&rsquo;association des dermatologistes de langue fran\u00e7aise, membre de l\u2019Acad\u00e9mie de M\u00e9decine \u00e9lu en 1940.<\/p>\n<p>Directeur des \u00ab\u00a0Annales des maladies v\u00e9n\u00e9riennes\u00a0\u00bb, cofondateur de la \u00ab\u00a0Prophylaxie sanitaire et morale\u00a0\u00bb, Gougerot fut l&rsquo;un des directeurs de la Nouvelle Pratique Dermatologique ouvrage collectif de l\u2019\u00e9cole fran\u00e7aise de dermatologie publi\u00e9 en 1936 sous la direction de Darier.<\/p>\n<p>De l\u2019\u0153uvre scientifique de Gougerot, Robert Degos son \u00e9l\u00e8ve et successeur \u00e0 la Chaire de clinique des maladies cutan\u00e9es et syphilitiques retenait des travaux fondamentaux sur les sporotrichoses, le groupement des infiltrats sous-cutan\u00e9s dans le cadre des hypodermites, terme qu&rsquo;il cr\u00e9a, la cr\u00e9ation du cadre nosologique des dermo-epidermites strepto- staphylococciques, la publication du premier cas d&rsquo;allergie cutan\u00e9e en 1922, la maladie trisymptomatique qui porte son nom (vasculite leucocytoclasique), la papillomatose papuleuse et r\u00e9ticul\u00e9e de Gouegrot et Carteaud, la dermite livedoide de Gougerot et Blum et le concept de dermatose invisible.<\/p>\n<p>Principaux ouvrages : le traitement de la syphilis en client\u00e8le, 4 \u00e9ditions de 1914 \u00e0 1927. L&rsquo;H\u00f4pital Saint-Louis et la clinique d&rsquo;Alfred Fournier (en coll. avec Brodier), Paris, 1932. La dermatologie en client\u00e8le, 6 \u00e9ditions de 1917 \u00e0 1939.<\/p>\n","protected":false},"excerpt":{"rendered":"<p>Gougerot fut Externe des H\u00f4pitaux de Paris en 1903, IHP l&rsquo;ann\u00e9e suivante, docteur en m\u00e9decine en 1908. Moniteur d&rsquo;anatomie pathologique en 1908, Chef de clinique en 1909 dans le service de Landouzy, Gougerot fut professeur agr\u00e9g\u00e9 en 1910 dans le service de Gaucher, chef du laboratoire de phototh\u00e9rapie \u00e0 Saint-Louis de 1910 \u00e0 1914, assistant &hellip; <a href=\"https:\/\/numerabilis.u-paris.fr\/partenaires\/sfhd\/biographies\/henri-gougerot\/\">Continued<\/a><\/p>\n","protected":false},"author":1,"featured_media":182,"comment_status":"closed","ping_status":"closed","template":"","meta":{"_links_to":"","_links_to_target":""},"_links":{"self":[{"href":"https:\/\/numerabilis.u-paris.fr\/partenaires\/sfhd\/wp-json\/wp\/v2\/biographie\/511"}],"collection":[{"href":"https:\/\/numerabilis.u-paris.fr\/partenaires\/sfhd\/wp-json\/wp\/v2\/biographie"}],"about":[{"href":"https:\/\/numerabilis.u-paris.fr\/partenaires\/sfhd\/wp-json\/wp\/v2\/types\/biographie"}],"author":[{"embeddable":true,"href":"https:\/\/numerabilis.u-paris.fr\/partenaires\/sfhd\/wp-json\/wp\/v2\/users\/1"}],"replies":[{"embeddable":true,"href":"https:\/\/numerabilis.u-paris.fr\/partenaires\/sfhd\/wp-json\/wp\/v2\/comments?post=511"}],"version-history":[{"count":2,"href":"https:\/\/numerabilis.u-paris.fr\/partenaires\/sfhd\/wp-json\/wp\/v2\/biographie\/511\/revisions"}],"predecessor-version":[{"id":1509,"href":"https:\/\/numerabilis.u-paris.fr\/partenaires\/sfhd\/wp-json\/wp\/v2\/biographie\/511\/revisions\/1509"}],"wp:featuredmedia":[{"embeddable":true,"href":"https:\/\/numerabilis.u-paris.fr\/partenaires\/sfhd\/wp-json\/wp\/v2\/media\/182"}],"wp:attachment":[{"href":"https:\/\/numerabilis.u-paris.fr\/partenaires\/sfhd\/wp-json\/wp\/v2\/media?parent=511"}],"curies":[{"name":"wp","href":"https:\/\/api.w.org\/{rel}","templated":true}]}}