{"id":513,"date":"2020-02-28T16:04:26","date_gmt":"2020-02-28T16:04:26","guid":{"rendered":"https:\/\/numerabilis.u-paris.fr\/partenaires\/sfhd\/?page_id=513"},"modified":"2021-03-12T08:36:29","modified_gmt":"2021-03-12T08:36:29","slug":"arnault-tzanck","status":"publish","type":"biographie","link":"https:\/\/numerabilis.u-paris.fr\/partenaires\/sfhd\/biographies\/arnault-tzanck\/","title":{"rendered":"Arnault TZANCK (1886-1954)"},"content":{"rendered":"<p>N\u00e9 \u00e0 Vladicaucase (Oss\u00e9tie du Nord), IHP en 1911, Tzanck fut interne dans les services de Darier, Ravault et de Beurmann. M\u00e9decin des h\u00f4pitaux de Paris en 1927, chef de service \u00e0 l&rsquo;H\u00f4pital Broca, chef de service \u00e0 Saint-Louis Tzanck dut quitter la France pendant l&rsquo;occupation allemande en raison des pers\u00e9cutions antis\u00e9mites. Il \u00e9migra au Chili et reprit son service \u00e0 Saint-Louis \u00e0 la Lib\u00e9ration.<\/p>\n<p>De l&rsquo;\u0153uvre de Tzanck on peut retenir deux p\u00f4les d\u2019activit\u00e9 : en dermatologie il d\u00e9veloppa la pratique des tests \u00e9picutan\u00e9s et cr\u00e9a en 1947 le cytodiagnostic qui porte son nom. Apr\u00e8s la 1ere guerre mondiale Tzanck fonda la Soci\u00e9t\u00e9 fran\u00e7aise et la Soci\u00e9t\u00e9 internationale de Transfusion sanguine dont il devint pr\u00e9sident. Il cr\u00e9a en 1929, l&rsquo;\u0153uvre de la transfusion d&rsquo;urgence et en 1937 prit la direction du centre de transfusion et de recherche sur le sang \u00e0 l&rsquo;H\u00f4pital Saint-Antoine et cr\u00e9a le Centre national de transfusion sanguine.<\/p>\n","protected":false},"excerpt":{"rendered":"<p>N\u00e9 \u00e0 Vladicaucase (Oss\u00e9tie du Nord), IHP en 1911, Tzanck fut interne dans les services de Darier, Ravault et de Beurmann. M\u00e9decin des h\u00f4pitaux de Paris en 1927, chef de service \u00e0 l&rsquo;H\u00f4pital Broca, chef de service \u00e0 Saint-Louis Tzanck dut quitter la France pendant l&rsquo;occupation allemande en raison des pers\u00e9cutions antis\u00e9mites. Il \u00e9migra au &hellip; <a href=\"https:\/\/numerabilis.u-paris.fr\/partenaires\/sfhd\/biographies\/arnault-tzanck\/\">Continued<\/a><\/p>\n","protected":false},"author":1,"featured_media":163,"comment_status":"closed","ping_status":"closed","template":"","meta":{"_links_to":"","_links_to_target":""},"_links":{"self":[{"href":"https:\/\/numerabilis.u-paris.fr\/partenaires\/sfhd\/wp-json\/wp\/v2\/biographie\/513"}],"collection":[{"href":"https:\/\/numerabilis.u-paris.fr\/partenaires\/sfhd\/wp-json\/wp\/v2\/biographie"}],"about":[{"href":"https:\/\/numerabilis.u-paris.fr\/partenaires\/sfhd\/wp-json\/wp\/v2\/types\/biographie"}],"author":[{"embeddable":true,"href":"https:\/\/numerabilis.u-paris.fr\/partenaires\/sfhd\/wp-json\/wp\/v2\/users\/1"}],"replies":[{"embeddable":true,"href":"https:\/\/numerabilis.u-paris.fr\/partenaires\/sfhd\/wp-json\/wp\/v2\/comments?post=513"}],"version-history":[{"count":2,"href":"https:\/\/numerabilis.u-paris.fr\/partenaires\/sfhd\/wp-json\/wp\/v2\/biographie\/513\/revisions"}],"predecessor-version":[{"id":1505,"href":"https:\/\/numerabilis.u-paris.fr\/partenaires\/sfhd\/wp-json\/wp\/v2\/biographie\/513\/revisions\/1505"}],"wp:featuredmedia":[{"embeddable":true,"href":"https:\/\/numerabilis.u-paris.fr\/partenaires\/sfhd\/wp-json\/wp\/v2\/media\/163"}],"wp:attachment":[{"href":"https:\/\/numerabilis.u-paris.fr\/partenaires\/sfhd\/wp-json\/wp\/v2\/media?parent=513"}],"curies":[{"name":"wp","href":"https:\/\/api.w.org\/{rel}","templated":true}]}}