{"id":255,"date":"2019-07-09T04:20:24","date_gmt":"2019-07-09T04:20:24","guid":{"rendered":"https:\/\/numerabilis.u-paris.fr\/partenaires\/sfhm\/?page_id=255"},"modified":"2019-07-09T04:21:41","modified_gmt":"2019-07-09T04:21:41","slug":"liste-des-presidents-de-la-sfhm-de-1902-a-1950","status":"publish","type":"page","link":"https:\/\/numerabilis.u-paris.fr\/partenaires\/sfhm\/presentation\/histoire-de-la-sfhm\/liste-des-presidents-de-la-sfhm-de-1902-a-1950\/","title":{"rendered":"Liste des pr\u00e9sidents de la SFHM  de 1902 \u00e0 1950"},"content":{"rendered":"<div class=\"wpb-content-wrapper\"><p>[vc_row][vc_column][vc_column_text]<i>La plupart des portraits proviennent des collections iconographiques de la Biblioth\u00e8que interuniversitaire de Sant\u00e9 (BIU Sant\u00e9). Des recherches dans d&rsquo;autres phototh\u00e8ques n&rsquo;ont pas permis de trouver les portraits de quatre pr\u00e9sidents.<\/i>[\/vc_column_text][vc_column_text]<div id=\"footable_parent_251\"\n         class=\" footable_parent ninja_table_wrapper loading_ninja_table wp_table_data_press_parent bootstrap4 \">\n                <table data-ninja_table_instance=\"ninja_table_instance_0\" data-footable_id=\"251\" data-filter-delay=\"1000\" aria-label=\"Liste des pr\u00e9sidents de la SFHM de 1902 \u00e0 1950\"            id=\"footable_251\"\n           data-unique_identifier=\"ninja_table_unique_id_1850782823_251\"\n           class=\" foo-table ninja_footable foo_table_251 ninja_table_unique_id_1850782823_251 table table-presidents nt_type_legacy_table  footable-paging-right ninja_table_search_disabled ninja_table_pro\">\n                <colgroup>\n                            <col class=\"ninja_column_0 \">\n                            <col class=\"ninja_column_1 \">\n                            <col class=\"ninja_column_2 \">\n                            <col class=\"ninja_column_3 \">\n                    <\/colgroup>\n        <thead>\n<tr class=\"footable-header\">\n                                                                        <th scope=\"col\"  class=\"ninja_column_0 ninja_clmn_nm_annee \">Ann\u00e9e<\/th><th scope=\"col\"  class=\"ninja_column_1 ninja_clmn_nm_nom \">Nom<\/th><th scope=\"col\"  class=\"ninja_column_2 ninja_clmn_nm_photo \">photo<\/th><th scope=\"col\"  class=\"ninja_column_3 ninja_clmn_nm_bibliographie \">Bibliographie<\/th><\/tr>\n<\/thead>\n<tbody>\n\n        <tr data-row_id=\"1878\" class=\"ninja_table_row_0 nt_row_id_1878\">\n            <td>1902-1904<\/td><td>Rapha\u00ebl BLANCHARD (Pr\u00e9sident fondateur)<\/td><td><a href=\"https:\/\/numerabilis.u-paris.fr\/partenaires\/sfhm\/wp-content\/uploads\/presidents\/image001.jpg\"><img loading=\"lazy\" decoding=\"async\" src=\"https:\/\/numerabilis.u-paris.fr\/partenaires\/sfhm\/wp-content\/uploads\/presidents\/image001-122x175.jpg\" alt=\"\" width=\"122\" height=\"175\" class=\"aligncenter size-thumbnail\" \/><\/a><\/td><td><div style=\"text-align: justify;\">N\u00e9 \u00e0 Saint-Christophe (Indre-et-Loire) le 28 f\u00e9vrier 1857. Mort \u00e0 Paris le 7 f\u00e9vrier 1919. Docteur en m\u00e9decine, licenci\u00e9 es sciences. Nomm\u00e9 en 1897 professeur \u00e0 la chaire d'histoire naturelle de la Facult\u00e9 de m\u00e9decine de Paris, il en obtint la transformation en chaire de parasitologie. Il cr\u00e9e en 1898 les \u00ab\u00a0Archives de parasitologie\u00a0\u00bb et fonde l'Institut de m\u00e9decine coloniale en 1902. Elu membre de l'Acad\u00e9mie de m\u00e9decine (section de th\u00e9rapeutique) le 13 f\u00e9vrier 1894, secr\u00e9taire annuel de 1912 a 1919.<\/div><\/td>        <\/tr>\n            <tr data-row_id=\"1879\" class=\"ninja_table_row_1 nt_row_id_1879\">\n            <td>1905-1906<\/td><td>Th\u00e9odore HAMY<\/td><td><a href=\"https:\/\/numerabilis.u-paris.fr\/partenaires\/sfhm\/wp-content\/uploads\/presidents\/image003.jpg\"><img loading=\"lazy\" decoding=\"async\" src=\"https:\/\/numerabilis.u-paris.fr\/partenaires\/sfhm\/wp-content\/uploads\/presidents\/image003-122x175.jpg\" alt=\"\" width=\"122\" height=\"175\" class=\"aligncenter size-thumbnail\" \/><\/a><\/td><td><div style=\"text-align: justify;\">N\u00e9 \u00e0 Boulogne (Pas-de-Calais) le 22 juin 1842. Mort \u00e0 Paris le 10 novembre 1908. Interne en 1864 dans le service de Charcot \u00e0 la Salp\u00eatri\u00e8re, puis externe \u00e0 l'h\u00f4pital Saint-Antoine dans le service du Pr Broca, il soutient sa th\u00e8se en 1868 et entre \u00e0 l'Ecole des hautes \u00e9tudes que Victor Duruy vient de cr\u00e9er. En 1867 il est attach\u00e9 \u00e0 la commission \u00e9gyptienne de l'Exposition universelle sous la direction de Broca et de Mariette et en 1869 il assiste \u00e0 l'inauguration du Canal de Suez. Apr\u00e8s la Guerre de 1870 il est nomm\u00e9 aide-naturaliste d'anthropologie au Mus\u00e9um, et en 1880 il est le premier conservateur du mus\u00e9e d'ethnographie install\u00e9 au Trocad\u00e9ro. Elu membre associ\u00e9 de l'Acad\u00e9mie de m\u00e9decine le 3 f\u00e9vrier 1903.<\/div><\/td>        <\/tr>\n            <tr data-row_id=\"1880\" class=\"ninja_table_row_2 nt_row_id_1880\">\n            <td>1907-1908<\/td><td>Paul RICHER<\/td><td><a href=\"https:\/\/numerabilis.u-paris.fr\/partenaires\/sfhm\/wp-content\/uploads\/presidents\/image005.jpg\"><img loading=\"lazy\" decoding=\"async\" src=\"https:\/\/numerabilis.u-paris.fr\/partenaires\/sfhm\/wp-content\/uploads\/presidents\/image005-122x175.jpg\" alt=\"\" width=\"122\" height=\"175\" class=\"aligncenter size-thumbnail\" \/><\/a><\/td><td><div style=\"text-align: justify;\">N\u00e9 \u00e0 Chartres (Eure-et-Loir) le 17 janvier 1849. Mort \u00e0 Paris le 17 d\u00e9cembre 1933. Externe des h\u00f4pitaux de Paris en 1871, interne en 1874, il soutient sa th\u00e8se en 1879 sous la pr\u00e9sidence de Charcot. Anatomiste et physiologiste, artiste, sculpteur et graveur, il consacre tous ses loisirs au dessin. Elu membre libre de l'Acad\u00e9mie de m\u00e9decine le 21 juin 1898. Titulaire de la chaire d'anatomie artistique de l'Ecole des Beaux-arts en 1903.<\/div><\/td>        <\/tr>\n            <tr data-row_id=\"1881\" class=\"ninja_table_row_3 nt_row_id_1881\">\n            <td>1909-1910<\/td><td>Gilbert BALLET<\/td><td><a href=\"https:\/\/numerabilis.u-paris.fr\/partenaires\/sfhm\/wp-content\/uploads\/presidents\/image007.jpg\"><img loading=\"lazy\" decoding=\"async\" src=\"https:\/\/numerabilis.u-paris.fr\/partenaires\/sfhm\/wp-content\/uploads\/presidents\/image007-122x175.jpg\" alt=\"\" width=\"122\" height=\"175\" class=\"aligncenter size-thumbnail\" \/><\/a><\/td><td><div style=\"text-align: justify;\">N\u00e9 \u00e0 Ambazac (Haute-Vienne) le 29 mars 1853. Mort \u00e0 Paris le 17 mars 1916. Nomm\u00e9 professeur \u00e0 la chaire d'histoire de la m\u00e9decine en 1907, puis \u00e0 celle de la clinique des maladies mentales et de l'enc\u00e9phale (C.M.M.E.) \u00e0 l'h\u00f4pital Sainte-Anne en f\u00e9vrier 1909. Cofondateur de la Soci\u00e9t\u00e9 de neurologie, puis de psychiatrie. Elu membre de l'Acad\u00e9mie de m\u00e9decine (section de pathologie m\u00e9dicale) le 30 janvier 1912.<\/div><\/td>        <\/tr>\n            <tr data-row_id=\"1882\" class=\"ninja_table_row_4 nt_row_id_1882\">\n            <td>1911-1912<\/td><td>Louis LE PILEUR<\/td><td><a href=\"https:\/\/numerabilis.u-paris.fr\/partenaires\/sfhm\/wp-content\/uploads\/presidents\/\" alt=\"\" width=\"395\" height=\"577\" class=\"aligncenter wp-image-264 size-full\" \/><\/td><td><div style=\"text-align: justify;\">N\u00e9 \u00e0 Paris en 1839. Mort \u00e0 Sceaux le 14 mars 1921. M\u00e9decin de Saint-Lazare, il s'\u00e9tait fait conna\u00eetre par ses travaux sur la prostitution et sur l'histoire de l'h\u00f4pital Saint-Lazare. Collectionneur et bibliophile, il poss\u00e9dait une tr\u00e8s riche biblioth\u00e8que d'ouvrages sur la prostitution et les maladies v\u00e9n\u00e9riennes, et avait recueilli au cours de ses nombreux voyages des \u0153uvres d'art appr\u00e9ci\u00e9es.<\/div><\/td>        <\/tr>\n            <tr data-row_id=\"1883\" class=\"ninja_table_row_5 nt_row_id_1883\">\n            <td>1913-1918<\/td><td>Paul DORVEAUX<\/td><td><a href=\"https:\/\/numerabilis.u-paris.fr\/partenaires\/sfhm\/wp-content\/uploads\/presidents\/image009.jpg\"><img loading=\"lazy\" decoding=\"async\" src=\"https:\/\/numerabilis.u-paris.fr\/partenaires\/sfhm\/wp-content\/uploads\/presidents\/image009-122x175.jpg\" alt=\"\" width=\"122\" height=\"175\" class=\"aligncenter size-thumbnail\" \/><\/a><\/td><td><div style=\"text-align: justify;\">N\u00e9 \u00e0 Courcelles-Chaussy (Moselle) le 21 juillet 1851. Mort \u00e0 Paris le 7 janvier 1938. Docteur en m\u00e9decine, biblioth\u00e9caire de l'Ecole sup\u00e9rieure de pharmacie de Paris du 30 ao\u00fbt 1884 au 31 octobre 1922, puis archiviste de l'Acad\u00e9mie des sciences de 1922 \u00e0 1938. V\u00e9ritable fondateur de la biblioth\u00e8que de pharmacie, il l'organisa selon les instructions minist\u00e9rielles, en d\u00e9veloppa les collections, cr\u00e9a la \u00ab\u00a0r\u00e9serve\u00a0\u00bb des ouvrages rares et pr\u00e9cieux et mit en valeur ses richesses par de nombreuses publications.<\/div><\/td>        <\/tr>\n            <tr data-row_id=\"1884\" class=\"ninja_table_row_6 nt_row_id_1884\">\n            <td>1919-1921<\/td><td>Edouard JEANSELME<\/td><td><a href=\"https:\/\/numerabilis.u-paris.fr\/partenaires\/sfhm\/wp-content\/uploads\/presidents\/image011.jpg\"><img loading=\"lazy\" decoding=\"async\" src=\"https:\/\/numerabilis.u-paris.fr\/partenaires\/sfhm\/wp-content\/uploads\/presidents\/image011-122x175.jpg\" alt=\"\" width=\"122\" height=\"175\" class=\"aligncenter size-thumbnail\" \/><\/a><\/td><td><div style=\"text-align: justify;\">N\u00e9 \u00e0 Paris le 14 juin 1858. Mort \u00e0 Paris le 9 avril 1935. Chef de laboratoire \u00e0 l'h\u00f4pital Saint-Louis de 1894 \u00e0 1896. M\u00e9decin des h\u00f4pitaux en 1896, charg\u00e9 de missions de l\u00e9prologie en Extr\u00eame-Orient en 1898. Nomm\u00e9 professeur agr\u00e9g\u00e9 \u00e0 la Facult\u00e9 de M\u00e9decine de Paris en 1901, puis professeur de Clinique des maladies cutan\u00e9es et syphilitiques en 1918. Elu membre de l'Acad\u00e9mie de m\u00e9decine (section de pathologie m\u00e9dicale) le 17 juin 1919.<\/div><\/td>        <\/tr>\n            <tr data-row_id=\"1885\" class=\"ninja_table_row_7 nt_row_id_1885\">\n            <td>1922-1923<\/td><td>Henri Georges HERV\u00c9<\/td><td><a href=\"https:\/\/numerabilis.u-paris.fr\/partenaires\/sfhm\/wp-content\/uploads\/presidents\/image013.jpg\"><img loading=\"lazy\" decoding=\"async\" src=\"https:\/\/numerabilis.u-paris.fr\/partenaires\/sfhm\/wp-content\/uploads\/presidents\/image013-122x175.jpg\" alt=\"\" width=\"122\" height=\"175\" class=\"aligncenter size-thumbnail\" \/><\/a><\/td><td><div style=\"text-align: justify;\">N\u00e9 \u00e0 Strasbourg le 19 f\u00e9vrier 1855. Mort \u00e0 Paris le 16 octobre 1932. Pr\u00e9parateur du Pr Mathias-Duval, il entre \u00e0 la Soci\u00e9t\u00e9 d'anthropologie en 1880. Il soutient sa th\u00e8se en 1888 sur la circonvolution de Broca dans les cerveaux des primates et de l'homme. Charg\u00e9 du cours d'anthropologie zoologique \u00e0 l'Ecole d'anthropologie, il devient titulaire en 1888 et professeur \u00e0 la chaire d'ethnologie en 1891.<\/div><\/td>        <\/tr>\n            <tr data-row_id=\"1886\" class=\"ninja_table_row_8 nt_row_id_1886\">\n            <td>1924-1925<\/td><td>Pierre M\u00c9N\u00c9TRIER<\/td><td><a href=\"https:\/\/numerabilis.u-paris.fr\/partenaires\/sfhm\/wp-content\/uploads\/presidents\/image015.jpg\"><img loading=\"lazy\" decoding=\"async\" src=\"https:\/\/numerabilis.u-paris.fr\/partenaires\/sfhm\/wp-content\/uploads\/presidents\/image015-122x175.jpg\" alt=\"\" width=\"122\" height=\"175\" class=\"aligncenter size-thumbnail\" \/><\/a><\/td><td><div style=\"text-align: justify;\">N\u00e9 \u00e0 Paris le 7 d\u00e9cembre 1859. Mort \u00e0 Lisieux (Calvados) le 28 ao\u00fbt 1935. Externe des h\u00f4pitaux en 1879, interne en 1882, th\u00e8se en 1887, agr\u00e9g\u00e9 en 1892, m\u00e9decin des h\u00f4pitaux en 1894. Chef de service \u00e0 la maison Dubois en 1897, \u00e0 l'h\u00f4pital Tenon de 1899 \u00e0 1919 et \u00e0 l'H\u00f4tel-Dieu de 1919 \u00e0 1924, il obtient la Chaire d'histoire de la m\u00e9decine et de la chirurgie \u00e0 la Facult\u00e9 de M\u00e9decine de 1919 \u00e0 1930. Elu membre de l'Acad\u00e9mie de m\u00e9decine (section d'anatomie pathologique) le 7 juillet 1914. Pr\u00e9sident pour 1930.<\/div><\/td>        <\/tr>\n            <tr data-row_id=\"1887\" class=\"ninja_table_row_9 nt_row_id_1887\">\n            <td>1926-1927<\/td><td>Maxime LAIGNEL-LAVASTINE<\/td><td><a href=\"https:\/\/numerabilis.u-paris.fr\/partenaires\/sfhm\/wp-content\/uploads\/presidents\/image017.jpg\"><img loading=\"lazy\" decoding=\"async\" src=\"https:\/\/numerabilis.u-paris.fr\/partenaires\/sfhm\/wp-content\/uploads\/presidents\/image017-122x175.jpg\" alt=\"\" width=\"122\" height=\"175\" class=\"aligncenter size-thumbnail\" \/><\/a><\/td><td><div style=\"text-align: justify;\">N\u00e9 \u00e0 Evreux (Eure) le 12 septembre 1875. Mort \u00e0 Paris le 5 septembre 1953. Nomm\u00e9 professeur \u00e0 la Chaire d'histoire de la m\u00e9decine et de la chirurgie de 1931 \u00e0 1939 (en succ\u00e9dant au Pr P. M\u00e9n\u00e9trier), puis \u00e0 la Chaire de Clinique des maladies mentales jusqu'en 1942-1943. Elu membre de l'Acad\u00e9mie de m\u00e9decine (section de m\u00e9decine) le 16 juin 1936.<\/div><\/td>        <\/tr>\n            <tr data-row_id=\"1888\" class=\"ninja_table_row_10 nt_row_id_1888\">\n            <td>1928-1929<\/td><td>C\u00e9lestin SIEUR<\/td><td><a href=\"https:\/\/numerabilis.u-paris.fr\/partenaires\/sfhm\/wp-content\/uploads\/presidents\/image019.jpg\"><img loading=\"lazy\" decoding=\"async\" src=\"https:\/\/numerabilis.u-paris.fr\/partenaires\/sfhm\/wp-content\/uploads\/presidents\/image019-122x175.jpg\" alt=\"\" width=\"122\" height=\"175\" class=\"aligncenter size-thumbnail\" \/><\/a><\/td><td><div style=\"text-align: justify;\">N\u00e9 \u00e0 La Faye (Charente) le 27 d\u00e9cembre 1860. Mort \u00e0 Paris le 12 juin 1955. Agr\u00e9g\u00e9 du Val-de-Gr\u00e2ce en 1896. Professeur de chirurgie sp\u00e9ciale en 1905, membre titulaire de la Soci\u00e9t\u00e9 de chirurgie en 1912. Nomm\u00e9 m\u00e9decin-g\u00e9n\u00e9ral inspecteur du Service de sant\u00e9 en 1917. Apr\u00e8s sa mise \u00e0 la retraite en 1922, il se consacre \u00e0 la Croix-Rouge. Elu membre de l'Acad\u00e9mie de m\u00e9decine (section pathologie chirurgicale) le 3 d\u00e9cembre 1918. Pr\u00e9sident pour 1939. Elu Membre \u00e9m\u00e9rite le 18 novembre 1952.<\/div><\/td>        <\/tr>\n            <tr data-row_id=\"1889\" class=\"ninja_table_row_11 nt_row_id_1889\">\n            <td>1930-1931<\/td><td>Lucien-Adrien BARBILLON (ou BARBILLION)<\/td><td><\/td><td><div style=\"text-align: justify;\">N\u00e9 \u00e0 Senlis le 22 septembre 1859. Ancien interne de l'H\u00f4pital des Enfants malades. M\u00e9daille de bronze de l'A.P.<\/div><\/td>        <\/tr>\n            <tr data-row_id=\"1890\" class=\"ninja_table_row_12 nt_row_id_1890\">\n            <td>1932-1933<\/td><td>Paul LE GENDRE<\/td><td><a href=\"https:\/\/numerabilis.u-paris.fr\/partenaires\/sfhm\/wp-content\/uploads\/presidents\/image021.jpg\"><img loading=\"lazy\" decoding=\"async\" src=\"https:\/\/numerabilis.u-paris.fr\/partenaires\/sfhm\/wp-content\/uploads\/presidents\/image021-122x175.jpg\" alt=\"\" width=\"122\" height=\"175\" class=\"aligncenter size-thumbnail\" \/><\/a><\/td><td><div style=\"text-align: justify;\">N\u00e9 \u00e0 Paris le 21 janvier 1854. Mort \u00e0 Paris le 23 d\u00e9cembre 1936. Interne des h\u00f4pitaux de Paris en 1881, th\u00e8se en 1886. M\u00e9decin des h\u00f4pitaux en 1891, \u00e0 l'H\u00f4pital Tenon de 1897 \u00e0 1901, \u00e0 Lariboisi\u00e8rc de 1902 \u00e0 1909. Elu membre associ\u00e9 libre de l'Acad\u00e9mie de m\u00e9decine le 3 mai 1921.<\/div><\/td>        <\/tr>\n            <tr data-row_id=\"1891\" class=\"ninja_table_row_13 nt_row_id_1891\">\n            <td>1934-1935<\/td><td>Placide MAUCLAIRE<\/td><td><a href=\"https:\/\/numerabilis.u-paris.fr\/partenaires\/sfhm\/wp-content\/uploads\/presidents\/image023.jpg\"><img loading=\"lazy\" decoding=\"async\" src=\"https:\/\/numerabilis.u-paris.fr\/partenaires\/sfhm\/wp-content\/uploads\/presidents\/image023-122x175.jpg\" alt=\"\" width=\"122\" height=\"175\" class=\"aligncenter size-thumbnail\" \/><\/a><\/td><td><div style=\"text-align: justify;\">N\u00e9 \u00e0 Paris le 30 juillet 1863. Mort \u00e0 Poitiers (Vienne) le 6 juillet 1940. Chirurgien des h\u00f4pitaux en 1897 et chef de service \u00e0 la Piti\u00e9. Titulaire de la Soci\u00e9t\u00e9 de chirurgie d\u00e8s 1903, pr\u00e9sident en 1923. Brillant enseignant, il a pr\u00e9par\u00e9 \u00e0 l'agr\u00e9gation des g\u00e9n\u00e9rations de chirurgiens. Elu membre de l'Acad\u00e9mie de m\u00e9decine (section de chirurgie) le 27 janvier 1925. F\u00e9ru de bibliographie m\u00e9dicale il a beaucoup publi\u00e9 dans le bulletin de la SFHM.<\/div><\/td>        <\/tr>\n            <tr data-row_id=\"1892\" class=\"ninja_table_row_14 nt_row_id_1892\">\n            <td>1936-1937<\/td><td>L\u00e9on BRODIER<\/td><td><\/td><td><div style=\"text-align: justify;\">N\u00e9 \u00e0 Bazancourt (Marne) en 1869. Mon \u00e0 Toulouse en 1943. Re\u00e7u interne des h\u00f4pitaux de Paris en 1891, chef de clinique, puis assistant de consultation \u00e0 Saint-Louis. Dermatologue, secr\u00e9taire de la Soci\u00e9t\u00e9 fran\u00e7aise de dermatologie et syphiligraphie de 1905 \u00e0 1914. Administrateur de la Biblioth\u00e8que Henri-Feulard et conservateur du mus\u00e9e de dermatologie de l'h\u00f4pital Saint-Louis de 1913 \u00e0 1939. Brillant historien de la dermatologie fran\u00e7aise, homme affable dou\u00e9 d'une grande modestie, il semble qu'il ne souhaitait pas se faire photographier.<\/div><\/td>        <\/tr>\n            <tr data-row_id=\"1893\" class=\"ninja_table_row_15 nt_row_id_1893\">\n            <td>1938-1939<\/td><td>Paul DELAUNAY<\/td><td><a href=\"https:\/\/numerabilis.u-paris.fr\/partenaires\/sfhm\/wp-content\/uploads\/presidents\/image025.jpg\"><img loading=\"lazy\" decoding=\"async\" src=\"https:\/\/numerabilis.u-paris.fr\/partenaires\/sfhm\/wp-content\/uploads\/presidents\/image025-122x175.jpg\" alt=\"\" width=\"122\" height=\"175\" class=\"aligncenter size-thumbnail\" \/><\/a><\/td><td><div style=\"text-align: justify;\">N\u00e9 \u00e0 Mayenne le 16 f\u00e9vrier 1878. Mort au Mans (Sarthe) le 3 f\u00e9vrier 1958. Externe de Tillaux et de Bari\u00e9 (1898-1900), interne \u00e0 Bic\u00eatre, \u00e0 Necker, \u00e0 Bretonneau, \u00e0 Laennec, aux Enfants malades, \u00e0 la Maternit\u00e9, il soutient sa th\u00e8se en 1905 sur \u00ab\u00a0Le monde m\u00e9dical parisien au XVIIIe si\u00e8cle\u00a0\u00bb, puis il s'\u00e9tablit au Mans et pendant vingt ans fut m\u00e9decin-chef de l'h\u00f4pital de cette ville. Il fit partie de nombreuses soci\u00e9t\u00e9s savantes.<\/div><\/td>        <\/tr>\n            <tr data-row_id=\"1894\" class=\"ninja_table_row_16 nt_row_id_1894\">\n            <td>1940-1944<\/td><td>Eug\u00e8ne OLIVIER<\/td><td><a href=\"https:\/\/numerabilis.u-paris.fr\/partenaires\/sfhm\/wp-content\/uploads\/presidents\/image027.jpg\"><img loading=\"lazy\" decoding=\"async\" src=\"https:\/\/numerabilis.u-paris.fr\/partenaires\/sfhm\/wp-content\/uploads\/presidents\/image027-122x175.jpg\" alt=\"\" width=\"122\" height=\"175\" class=\"aligncenter size-thumbnail\" \/><\/a><\/td><td><div style=\"text-align: justify;\">N\u00e9 \u00e0 Paris le 17 septembre 1881. Mort le 5 mai 1964. Chirurgien, titulaire de la chaire d'anatomie. Elu membre libre de la Soci\u00e9t\u00e9 de chirurgie en 1952. Grand collectionneur d'ex-libris, h\u00e9raldiste, philat\u00e9liste, bibliophile. Secr\u00e9taire g\u00e9n\u00e9ral de la SFHM de 1945 \u00e0 1951.<\/div><\/td>        <\/tr>\n            <tr data-row_id=\"1895\" class=\"ninja_table_row_17 nt_row_id_1895\">\n            <td>1945-1946<\/td><td>Raymond NEVEU<\/td><td><a href=\"https:\/\/numerabilis.u-paris.fr\/partenaires\/sfhm\/wp-content\/uploads\/presidents\/image029.jpg\"><img loading=\"lazy\" decoding=\"async\" src=\"https:\/\/numerabilis.u-paris.fr\/partenaires\/sfhm\/wp-content\/uploads\/presidents\/image029-122x175.jpg\" alt=\"\" width=\"122\" height=\"175\" class=\"aligncenter size-thumbnail\" \/><\/a><\/td><td><div style=\"text-align: justify;\">N\u00e9 le 26 juin 1881 \u00e0 Goderville (Seine-Maritime). Mort le 9 mars 1967. Docteur en m\u00e9decine de la Facult\u00e9 de Paris en 1906, dipl\u00f4m\u00e9 de l'Institut de m\u00e9decine coloniale \u00e0 Paris, assistant de Charles Nicolle \u00e0 Tunis, puis pr\u00e9parateur \u00e0 la Facult\u00e9 de m\u00e9decine de Paris, professeur de l'Institut de m\u00e9decine coloniale et \u00e0 l'Institut d'hygi\u00e8ne de la Facult\u00e9 de m\u00e9decine de Paris, pr\u00e9parateur au Coll\u00e8ge de France. Directeur du laboratoire des \u00e9pid\u00e9mies de Paris en 1921. Nomm\u00e9 en 1934 membre du Conseil sup\u00e9rieur d'hygi\u00e8ne.<\/div><\/td>        <\/tr>\n            <tr data-row_id=\"1896\" class=\"ninja_table_row_18 nt_row_id_1896\">\n            <td>1947-1948<\/td><td>Louis TANON<\/td><td><a href=\"https:\/\/numerabilis.u-paris.fr\/partenaires\/sfhm\/wp-content\/uploads\/presidents\/image031.jpg\"><img loading=\"lazy\" decoding=\"async\" src=\"https:\/\/numerabilis.u-paris.fr\/partenaires\/sfhm\/wp-content\/uploads\/presidents\/image031-122x175.jpg\" alt=\"\" width=\"122\" height=\"175\" class=\"aligncenter size-thumbnail\" \/><\/a><\/td><td><div style=\"text-align: justify;\">N\u00e9 \u00e0 Paris le 17 septembre 1876. Mort \u00e0 Paris le 3 septembre 1969. Docteur en m\u00e9decine en 1908 (laur\u00e9at de la Facult\u00e9). Agr\u00e9g\u00e9 de m\u00e9decine en 1913 (pathologie interne). Professeur d'hygi\u00e8ne \u00e0 la Facult\u00e9 de m\u00e9decine de Paris en 1928, puis \u00e0 l'Institut de m\u00e9decine tropicale, professeur \u00e0 l'Institut de technique sanitaire. Membre puis pr\u00e9sident du Conseil sup\u00e9rieur d'hygi\u00e8ne publique de France. Elu membre de l'Acad\u00e9mie de m\u00e9decine (section d'hygi\u00e8ne) le 21 mai 1935. Pr\u00e9sident pour 1964. Membre de l'Acad\u00e9mie de m\u00e9decine de Rome.<\/div><\/td>        <\/tr>\n            <tr data-row_id=\"1897\" class=\"ninja_table_row_19 nt_row_id_1897\">\n            <td>1949-1950<\/td><td>Jean VINCHON<\/td><td><a href=\"https:\/\/numerabilis.u-paris.fr\/partenaires\/sfhm\/wp-content\/uploads\/presidents\/image033.jpg\"><img loading=\"lazy\" decoding=\"async\" src=\"https:\/\/numerabilis.u-paris.fr\/partenaires\/sfhm\/wp-content\/uploads\/presidents\/image033-122x175.jpg\" alt=\"\" width=\"122\" height=\"175\" class=\"aligncenter size-thumbnail\" \/><\/a><\/td><td><div style=\"text-align: justify;\">N\u00e9 \u00e0 Ennemain pr\u00e8s de P\u00e9ronne en 1884. Mort \u00e0 Paris le 15 novembre 1964. Th\u00e8se en 1911 sur \u00ab\u00a0le d\u00e9lire des enfants\u00a0\u00bb, chef de clinique de neuropsychiatrie, collaborateur de Gilbert Ballet, assistant de Laignel-Lavastine \u00e0 la Piti\u00e9. Psychiatre et historien de la m\u00e9decine (plus de 500 travaux). Toute sa carri\u00e8re et son enseignement psychiatrique furent empreints de bont\u00e9, d'indulgence et d'optimisme.<\/div><\/td>        <\/tr>\n    <\/tbody><!--ninja_tobody_rendering_done-->\n    <\/table>\n    \n    \n    \n<\/div>\n[\/vc_column_text][\/vc_column][\/vc_row]<\/p>\n<\/div>","protected":false},"excerpt":{"rendered":"<p>[vc_row][vc_column][vc_column_text]La plupart des portraits proviennent des collections iconographiques de la Biblioth\u00e8que interuniversitaire de Sant\u00e9 (BIU Sant\u00e9). Des recherches dans d&rsquo;autres phototh\u00e8ques n&rsquo;ont pas permis de trouver les portraits de quatre pr\u00e9sidents.[\/vc_column_text][vc_column_text][\/vc_column_text][\/vc_column][\/vc_row]<\/p>\n","protected":false},"author":1,"featured_media":0,"parent":224,"menu_order":0,"comment_status":"closed","ping_status":"closed","template":"","meta":{"footnotes":"","_links_to":"","_links_to_target":""},"class_list":["post-255","page","type-page","status-publish","hentry"],"rankMath":{"parentDomain":"u-paris.fr","noFollowDomains":[],"noFollowExcludeDomains":[],"noFollowExternalLinks":false,"featuredImageNotice":"L\u2019image en vedette devrait \u00eatre au moins 200 par 200 pixels pour \u00eatre utilis\u00e9 par Facebook et d\u2019autres sites de m\u00e9dias sociaux.","pluginReviewed":false,"postSettings":{"linkSuggestions":true,"useFocusKeyword":false},"frontEndScore":false,"postName":"liste-des-presidents-de-la-sfhm-de-1902-a-1950","permalinkFormat":"https:\/\/numerabilis.u-paris.fr\/partenaires\/sfhm\/%pagename%\/","showLockModifiedDate":true,"assessor":{"focusKeywordLink":"https:\/\/numerabilis.u-paris.fr\/partenaires\/sfhm\/wp-admin\/edit.php?focus_keyword=%focus_keyword%&post_type=%post_type%","hasTOCPlugin":false,"primaryTaxonomy":false,"serpData":{"title":"","description":"","focusKeywords":"","pillarContent":false,"canonicalUrl":"","breadcrumbTitle":"","advancedRobots":[],"facebookTitle":"","facebookDescription":"","facebookImage":"","facebookImageID":"","facebookHasOverlay":false,"facebookImageOverlay":"play","facebookAuthor":"","twitterCardType":"summary_large_image","twitterUseFacebook":true,"twitterTitle":"","twitterDescription":"","twitterImage":"","twitterImageID":"","twitterHasOverlay":false,"twitterImageOverlay":"play","twitterPlayerUrl":"","twitterPlayerSize":"","twitterPlayerStream":"","twitterPlayerStreamCtype":"","twitterAppDescription":"","twitterAppIphoneName":"","twitterAppIphoneID":"","twitterAppIphoneUrl":"","twitterAppIpadName":"","twitterAppIpadID":"","twitterAppIpadUrl":"","twitterAppGoogleplayName":"","twitterAppGoogleplayID":"","twitterAppGoogleplayUrl":"","twitterAppCountry":"","robots":{"index":true},"twitterAuthor":"identifiant","primaryTerm":0,"authorName":"admin","titleTemplate":"%title% %sep% %sitename%","descriptionTemplate":"%excerpt%","showScoreFrontend":true,"lockModifiedDate":false},"powerWords":["absolument","amazement","astonishing","authentique","beau","bien-\u00eatre","brillant","captivant","charismatique","choc","clair","compl\u00e8tement","confidentiel","confiance","cons\u00e9quent","cr\u00e9atif","d\u00e9finitivement","d\u00e9licieux","d\u00e9montrer","d\u00e9p\u00eachez-vous","d\u00e9termin\u00e9","digne","dynamique","\u00e9blouissant","\u00e9clatant","\u00e9conomique","\u00e9fficace","\u00e9l\u00e9gant","\u00e9motionnel","\u00e9nergique","\u00e9norme","\u00e9poustouflant","essentiel","\u00e9tonnant","exclusif","exp\u00e9rience","fabuleux","fantastique","formidable","fort","garanti","g\u00e9ant","g\u00e9n\u00e9reux","grandiose","gratuit","habile","harmonieux","historique","hors pair","important","incroyable","indispensable","inoubliable","inspirant","innovant","intense","invention","irr\u00e9sistible","l\u00e9gendaire","lumineux","luxe","magique","magnifique","majestueux","marquant","merveilleux","miraculeux","motivant","n\u00e9cessaire","nouvelle","officiel","parfait","passionn\u00e9","persuasif","ph\u00e9nom\u00e9nal","plaisir","populaire","pouvoir","prestigieux","prodigieux","profond","prosp\u00e8re","puissant","qualit\u00e9","radieux","rapide","r\u00e9ussi","r\u00e9volutionnaire","satisfait","s\u00e9curit\u00e9","sensationnel","serein","somptueux","splendide","sublime","surprenant","talentueux","terrifiant","unique","valeur","vibrant","victorieux","vif","vraiment","z\u00e9l\u00e9"],"diacritics":{"A":"[\\u0041\\u24B6\\uFF21\\u00C0\\u00C1\\u00C2\\u1EA6\\u1EA4\\u1EAA\\u1EA8\\u00C3\\u0100\\u0102\\u1EB0\\u1EAE\\u1EB4\\u1EB2\\u0226\\u01E0\\u00C4\\u01DE\\u1EA2\\u00C5\\u01FA\\u01CD\\u0200\\u0202\\u1EA0\\u1EAC\\u1EB6\\u1E00\\u0104\\u023A\\u2C6F]","AA":"[\\uA732]","AE":"[\\u00C6\\u01FC\\u01E2]","AO":"[\\uA734]","AU":"[\\uA736]","AV":"[\\uA738\\uA73A]","AY":"[\\uA73C]","B":"[\\u0042\\u24B7\\uFF22\\u1E02\\u1E04\\u1E06\\u0243\\u0182\\u0181]","C":"[\\u0043\\u24B8\\uFF23\\u0106\\u0108\\u010A\\u010C\\u00C7\\u1E08\\u0187\\u023B\\uA73E]","D":"[\\u0044\\u24B9\\uFF24\\u1E0A\\u010E\\u1E0C\\u1E10\\u1E12\\u1E0E\\u0110\\u018B\\u018A\\u0189\\uA779]","DZ":"[\\u01F1\\u01C4]","Dz":"[\\u01F2\\u01C5]","E":"[\\u0045\\u24BA\\uFF25\\u00C8\\u00C9\\u00CA\\u1EC0\\u1EBE\\u1EC4\\u1EC2\\u1EBC\\u0112\\u1E14\\u1E16\\u0114\\u0116\\u00CB\\u1EBA\\u011A\\u0204\\u0206\\u1EB8\\u1EC6\\u0228\\u1E1C\\u0118\\u1E18\\u1E1A\\u0190\\u018E]","F":"[\\u0046\\u24BB\\uFF26\\u1E1E\\u0191\\uA77B]","G":"[\\u0047\\u24BC\\uFF27\\u01F4\\u011C\\u1E20\\u011E\\u0120\\u01E6\\u0122\\u01E4\\u0193\\uA7A0\\uA77D\\uA77E]","H":"[\\u0048\\u24BD\\uFF28\\u0124\\u1E22\\u1E26\\u021E\\u1E24\\u1E28\\u1E2A\\u0126\\u2C67\\u2C75\\uA78D]","I":"[\\u0049\\u24BE\\uFF29\\u00CC\\u00CD\\u00CE\\u0128\\u012A\\u012C\\u0130\\u00CF\\u1E2E\\u1EC8\\u01CF\\u0208\\u020A\\u1ECA\\u012E\\u1E2C\\u0197]","J":"[\\u004A\\u24BF\\uFF2A\\u0134\\u0248]","K":"[\\u004B\\u24C0\\uFF2B\\u1E30\\u01E8\\u1E32\\u0136\\u1E34\\u0198\\u2C69\\uA740\\uA742\\uA744\\uA7A2]","L":"[\\u004C\\u24C1\\uFF2C\\u013F\\u0139\\u013D\\u1E36\\u1E38\\u013B\\u1E3C\\u1E3A\\u0141\\u023D\\u2C62\\u2C60\\uA748\\uA746\\uA780]","LJ":"[\\u01C7]","Lj":"[\\u01C8]","M":"[\\u004D\\u24C2\\uFF2D\\u1E3E\\u1E40\\u1E42\\u2C6E\\u019C]","N":"[\\u004E\\u24C3\\uFF2E\\u01F8\\u0143\\u00D1\\u1E44\\u0147\\u1E46\\u0145\\u1E4A\\u1E48\\u0220\\u019D\\uA790\\uA7A4]","NJ":"[\\u01CA]","Nj":"[\\u01CB]","O":"[\\u004F\\u24C4\\uFF2F\\u00D2\\u00D3\\u00D4\\u1ED2\\u1ED0\\u1ED6\\u1ED4\\u00D5\\u1E4C\\u022C\\u1E4E\\u014C\\u1E50\\u1E52\\u014E\\u022E\\u0230\\u00D6\\u022A\\u1ECE\\u0150\\u01D1\\u020C\\u020E\\u01A0\\u1EDC\\u1EDA\\u1EE0\\u1EDE\\u1EE2\\u1ECC\\u1ED8\\u01EA\\u01EC\\u00D8\\u01FE\\u0186\\u019F\\uA74A\\uA74C]","OI":"[\\u01A2]","OO":"[\\uA74E]","OU":"[\\u0222]","P":"[\\u0050\\u24C5\\uFF30\\u1E54\\u1E56\\u01A4\\u2C63\\uA750\\uA752\\uA754]","Q":"[\\u0051\\u24C6\\uFF31\\uA756\\uA758\\u024A]","R":"[\\u0052\\u24C7\\uFF32\\u0154\\u1E58\\u0158\\u0210\\u0212\\u1E5A\\u1E5C\\u0156\\u1E5E\\u024C\\u2C64\\uA75A\\uA7A6\\uA782]","S":"[\\u0053\\u24C8\\uFF33\\u1E9E\\u015A\\u1E64\\u015C\\u1E60\\u0160\\u1E66\\u1E62\\u1E68\\u0218\\u015E\\u2C7E\\uA7A8\\uA784]","T":"[\\u0054\\u24C9\\uFF34\\u1E6A\\u0164\\u1E6C\\u021A\\u0162\\u1E70\\u1E6E\\u0166\\u01AC\\u01AE\\u023E\\uA786]","TZ":"[\\uA728]","U":"[\\u0055\\u24CA\\uFF35\\u00D9\\u00DA\\u00DB\\u0168\\u1E78\\u016A\\u1E7A\\u016C\\u00DC\\u01DB\\u01D7\\u01D5\\u01D9\\u1EE6\\u016E\\u0170\\u01D3\\u0214\\u0216\\u01AF\\u1EEA\\u1EE8\\u1EEE\\u1EEC\\u1EF0\\u1EE4\\u1E72\\u0172\\u1E76\\u1E74\\u0244]","V":"[\\u0056\\u24CB\\uFF36\\u1E7C\\u1E7E\\u01B2\\uA75E\\u0245]","VY":"[\\uA760]","W":"[\\u0057\\u24CC\\uFF37\\u1E80\\u1E82\\u0174\\u1E86\\u1E84\\u1E88\\u2C72]","X":"[\\u0058\\u24CD\\uFF38\\u1E8A\\u1E8C]","Y":"[\\u0059\\u24CE\\uFF39\\u1EF2\\u00DD\\u0176\\u1EF8\\u0232\\u1E8E\\u0178\\u1EF6\\u1EF4\\u01B3\\u024E\\u1EFE]","Z":"[\\u005A\\u24CF\\uFF3A\\u0179\\u1E90\\u017B\\u017D\\u1E92\\u1E94\\u01B5\\u0224\\u2C7F\\u2C6B\\uA762]","a":"[\\u0061\\u24D0\\uFF41\\u1E9A\\u00E0\\u00E1\\u00E2\\u1EA7\\u1EA5\\u1EAB\\u1EA9\\u00E3\\u0101\\u0103\\u1EB1\\u1EAF\\u1EB5\\u1EB3\\u0227\\u01E1\\u00E4\\u01DF\\u1EA3\\u00E5\\u01FB\\u01CE\\u0201\\u0203\\u1EA1\\u1EAD\\u1EB7\\u1E01\\u0105\\u2C65\\u0250]","aa":"[\\uA733]","ae":"[\\u00E6\\u01FD\\u01E3]","ao":"[\\uA735]","au":"[\\uA737]","av":"[\\uA739\\uA73B]","ay":"[\\uA73D]","b":"[\\u0062\\u24D1\\uFF42\\u1E03\\u1E05\\u1E07\\u0180\\u0183\\u0253]","c":"[\\u0063\\u24D2\\uFF43\\u0107\\u0109\\u010B\\u010D\\u00E7\\u1E09\\u0188\\u023C\\uA73F\\u2184]","d":"[\\u0064\\u24D3\\uFF44\\u1E0B\\u010F\\u1E0D\\u1E11\\u1E13\\u1E0F\\u0111\\u018C\\u0256\\u0257\\uA77A]","dz":"[\\u01F3\\u01C6]","e":"[\\u0065\\u24D4\\uFF45\\u00E8\\u00E9\\u00EA\\u1EC1\\u1EBF\\u1EC5\\u1EC3\\u1EBD\\u0113\\u1E15\\u1E17\\u0115\\u0117\\u00EB\\u1EBB\\u011B\\u0205\\u0207\\u1EB9\\u1EC7\\u0229\\u1E1D\\u0119\\u1E19\\u1E1B\\u0247\\u025B\\u01DD]","f":"[\\u0066\\u24D5\\uFF46\\u1E1F\\u0192\\uA77C]","g":"[\\u0067\\u24D6\\uFF47\\u01F5\\u011D\\u1E21\\u011F\\u0121\\u01E7\\u0123\\u01E5\\u0260\\uA7A1\\u1D79\\uA77F]","h":"[\\u0068\\u24D7\\uFF48\\u0125\\u1E23\\u1E27\\u021F\\u1E25\\u1E29\\u1E2B\\u1E96\\u0127\\u2C68\\u2C76\\u0265]","hv":"[\\u0195]","i":"[\\u0069\\u24D8\\uFF49\\u00EC\\u00ED\\u00EE\\u0129\\u012B\\u012D\\u00EF\\u1E2F\\u1EC9\\u01D0\\u0209\\u020B\\u1ECB\\u012F\\u1E2D\\u0268\\u0131]","j":"[\\u006A\\u24D9\\uFF4A\\u0135\\u01F0\\u0249]","k":"[\\u006B\\u24DA\\uFF4B\\u1E31\\u01E9\\u1E33\\u0137\\u1E35\\u0199\\u2C6A\\uA741\\uA743\\uA745\\uA7A3]","l":"[\\u006C\\u24DB\\uFF4C\\u0140\\u013A\\u013E\\u1E37\\u1E39\\u013C\\u1E3D\\u1E3B\\u017F\\u0142\\u019A\\u026B\\u2C61\\uA749\\uA781\\uA747]","lj":"[\\u01C9]","m":"[\\u006D\\u24DC\\uFF4D\\u1E3F\\u1E41\\u1E43\\u0271\\u026F]","n":"[\\u006E\\u24DD\\uFF4E\\u01F9\\u0144\\u00F1\\u1E45\\u0148\\u1E47\\u0146\\u1E4B\\u1E49\\u019E\\u0272\\u0149\\uA791\\uA7A5]","nj":"[\\u01CC]","o":"[\\u006F\\u24DE\\uFF4F\\u00F2\\u00F3\\u00F4\\u1ED3\\u1ED1\\u1ED7\\u1ED5\\u00F5\\u1E4D\\u022D\\u1E4F\\u014D\\u1E51\\u1E53\\u014F\\u022F\\u0231\\u00F6\\u022B\\u1ECF\\u0151\\u01D2\\u020D\\u020F\\u01A1\\u1EDD\\u1EDB\\u1EE1\\u1EDF\\u1EE3\\u1ECD\\u1ED9\\u01EB\\u01ED\\u00F8\\u01FF\\u0254\\uA74B\\uA74D\\u0275]","oi":"[\\u01A3]","ou":"[\\u0223]","oo":"[\\uA74F]","p":"[\\u0070\\u24DF\\uFF50\\u1E55\\u1E57\\u01A5\\u1D7D\\uA751\\uA753\\uA755]","q":"[\\u0071\\u24E0\\uFF51\\u024B\\uA757\\uA759]","r":"[\\u0072\\u24E1\\uFF52\\u0155\\u1E59\\u0159\\u0211\\u0213\\u1E5B\\u1E5D\\u0157\\u1E5F\\u024D\\u027D\\uA75B\\uA7A7\\uA783]","s":"[\\u0073\\u24E2\\uFF53\\u015B\\u1E65\\u015D\\u1E61\\u0161\\u1E67\\u1E63\\u1E69\\u0219\\u015F\\u023F\\uA7A9\\uA785\\u1E9B]","ss":"[\\u00DF]","t":"[\\u0074\\u24E3\\uFF54\\u1E6B\\u1E97\\u0165\\u1E6D\\u021B\\u0163\\u1E71\\u1E6F\\u0167\\u01AD\\u0288\\u2C66\\uA787]","tz":"[\\uA729]","u":"[\\u0075\\u24E4\\uFF55\\u00F9\\u00FA\\u00FB\\u0169\\u1E79\\u016B\\u1E7B\\u016D\\u00FC\\u01DC\\u01D8\\u01D6\\u01DA\\u1EE7\\u016F\\u0171\\u01D4\\u0215\\u0217\\u01B0\\u1EEB\\u1EE9\\u1EEF\\u1EED\\u1EF1\\u1EE5\\u1E73\\u0173\\u1E77\\u1E75\\u0289]","v":"[\\u0076\\u24E5\\uFF56\\u1E7D\\u1E7F\\u028B\\uA75F\\u028C]","vy":"[\\uA761]","w":"[\\u0077\\u24E6\\uFF57\\u1E81\\u1E83\\u0175\\u1E87\\u1E85\\u1E98\\u1E89\\u2C73]","x":"[\\u0078\\u24E7\\uFF58\\u1E8B\\u1E8D]","y":"[\\u0079\\u24E8\\uFF59\\u1EF3\\u00FD\\u0177\\u1EF9\\u0233\\u1E8F\\u00FF\\u1EF7\\u1E99\\u1EF5\\u01B4\\u024F\\u1EFF]","z":"[\\u007A\\u24E9\\uFF5A\\u017A\\u1E91\\u017C\\u017E\\u1E93\\u1E95\\u01B6\\u0225\\u0240\\u2C6C\\uA763]"},"researchesTests":["contentHasTOC","contentHasShortParagraphs","contentHasAssets","keywordInTitle","keywordInMetaDescription","keywordInPermalink","keywordIn10Percent","keywordInContent","keywordInSubheadings","keywordInImageAlt","keywordDensity","keywordNotUsed","lengthContent","lengthPermalink","linksHasInternal","linksHasExternals","linksNotAllExternals","titleStartWithKeyword","titleSentiment","titleHasPowerWords","titleHasNumber","hasContentAI"],"hasRedirection":false,"hasBreadcrumb":true},"homeUrl":"https:\/\/numerabilis.u-paris.fr\/partenaires\/sfhm","objectID":255,"objectType":"post","locale":"fr","localeFull":"fr_FR","overlayImages":{"play":{"name":"Ic\u00f4ne de lecture","url":"https:\/\/numerabilis.u-paris.fr\/partenaires\/sfhm\/wp-content\/plugins\/seo-by-rank-math\/assets\/admin\/img\/icon-play.png","path":"\/srv\/www\/partenaires\/blog-sfhm\/wp-content\/plugins\/seo-by-rank-math\/assets\/admin\/img\/icon-play.png","position":"middle_center"},"gif":{"name":"Ic\u00f4ne GIF","url":"https:\/\/numerabilis.u-paris.fr\/partenaires\/sfhm\/wp-content\/plugins\/seo-by-rank-math\/assets\/admin\/img\/icon-gif.png","path":"\/srv\/www\/partenaires\/blog-sfhm\/wp-content\/plugins\/seo-by-rank-math\/assets\/admin\/img\/icon-gif.png","position":"middle_center"}},"defautOgImage":"https:\/\/numerabilis.u-paris.fr\/partenaires\/sfhm\/wp-content\/plugins\/seo-by-rank-math\/assets\/admin\/img\/social-placeholder.jpg","customPermalinks":true,"isUserRegistered":false,"autoSuggestKeywords":false,"connectSiteUrl":"https:\/\/rankmath.com\/auth?site=https%3A%2F%2Fnumerabilis.u-paris.fr%2Fpartenaires%2Fsfhm&r=https%3A%2F%2Fnumerabilis.u-paris.fr%2Fpartenaires%2Fsfhm%2Fwp-json%2Fwp%2Fv2%2Fpages%2F255%3Fnonce%3D46dd0b851f","maxTags":5,"trendsIcon":"<svg viewBox=\"0 0 610 610\"><path d=\"M18.85,446,174.32,290.48l58.08,58.08L76.93,504a14.54,14.54,0,0,1-20.55,0L18.83,466.48a14.54,14.54,0,0,1,0-20.55Z\" style=\"fill:#4285f4\"\/><path d=\"M242.65,242.66,377.59,377.6l-47.75,47.75a14.54,14.54,0,0,1-20.55,0L174.37,290.43l47.75-47.75A14.52,14.52,0,0,1,242.65,242.66Z\" style=\"fill:#ea4335\"\/><polygon points=\"319.53 319.53 479.26 159.8 537.34 217.88 377.61 377.62 319.53 319.53\" style=\"fill:#fabb05\"\/><path d=\"M594.26,262.73V118.61h0a16.94,16.94,0,0,0-16.94-16.94H433.2a16.94,16.94,0,0,0-12,28.92L565.34,274.71h0a16.94,16.94,0,0,0,28.92-12Z\" style=\"fill:#34a853\"\/><rect width=\"610\" height=\"610\" style=\"fill:none\"\/><\/svg>","showScore":true,"siteFavIcon":"https:\/\/numerabilis.u-paris.fr\/partenaires\/sfhm\/wp-content\/uploads\/cropped-android-chrome-512x512-150x150.png","canUser":{"general":false,"advanced":false,"snippet":false,"social":false,"analysis":false,"analytics":false,"content_ai":false},"isPro":false,"is_front_page":false,"trendsUpgradeLink":"https:\/\/rankmath.com\/pricing\/?utm_source=Plugin&utm_medium=CE%20General%20Tab%20Trends&utm_campaign=WP","trendsUpgradeLabel":"Mettre \u00e0 niveau","trendsPreviewImage":"https:\/\/numerabilis.u-paris.fr\/partenaires\/sfhm\/wp-content\/plugins\/seo-by-rank-math\/assets\/admin\/img\/trends-preview.jpg","currentEditor":false,"homepageData":{"assessor":{"powerWords":["absolument","amazement","astonishing","authentique","beau","bien-\u00eatre","brillant","captivant","charismatique","choc","clair","compl\u00e8tement","confidentiel","confiance","cons\u00e9quent","cr\u00e9atif","d\u00e9finitivement","d\u00e9licieux","d\u00e9montrer","d\u00e9p\u00eachez-vous","d\u00e9termin\u00e9","digne","dynamique","\u00e9blouissant","\u00e9clatant","\u00e9conomique","\u00e9fficace","\u00e9l\u00e9gant","\u00e9motionnel","\u00e9nergique","\u00e9norme","\u00e9poustouflant","essentiel","\u00e9tonnant","exclusif","exp\u00e9rience","fabuleux","fantastique","formidable","fort","garanti","g\u00e9ant","g\u00e9n\u00e9reux","grandiose","gratuit","habile","harmonieux","historique","hors pair","important","incroyable","indispensable","inoubliable","inspirant","innovant","intense","invention","irr\u00e9sistible","l\u00e9gendaire","lumineux","luxe","magique","magnifique","majestueux","marquant","merveilleux","miraculeux","motivant","n\u00e9cessaire","nouvelle","officiel","parfait","passionn\u00e9","persuasif","ph\u00e9nom\u00e9nal","plaisir","populaire","pouvoir","prestigieux","prodigieux","profond","prosp\u00e8re","puissant","qualit\u00e9","radieux","rapide","r\u00e9ussi","r\u00e9volutionnaire","satisfait","s\u00e9curit\u00e9","sensationnel","serein","somptueux","splendide","sublime","surprenant","talentueux","terrifiant","unique","valeur","vibrant","victorieux","vif","vraiment","z\u00e9l\u00e9"],"diacritics":true,"researchesTests":["contentHasTOC","contentHasShortParagraphs","contentHasAssets","keywordInTitle","keywordInMetaDescription","keywordInPermalink","keywordIn10Percent","keywordInContent","keywordInSubheadings","keywordInImageAlt","keywordDensity","keywordNotUsed","lengthContent","lengthPermalink","linksHasInternal","linksHasExternals","linksNotAllExternals","titleStartWithKeyword","titleSentiment","titleHasPowerWords","titleHasNumber","hasContentAI"],"hasBreadcrumb":true,"serpData":{"title":"%sitename% %page% %sep% %sitedesc%","description":"","titleTemplate":"%sitename% %page% %sep% %sitedesc%","descriptionTemplate":"","focusKeywords":"","breadcrumbTitle":"Accueil","robots":{"index":true},"advancedRobots":[],"facebookTitle":"","facebookDescription":"","facebookImage":"","facebookImageID":""}}},"tocTitle":"Table des mati\u00e8res","tocExcludeHeadings":[],"listStyle":"ul"},"_links":{"self":[{"href":"https:\/\/numerabilis.u-paris.fr\/partenaires\/sfhm\/wp-json\/wp\/v2\/pages\/255","targetHints":{"allow":["GET"]}}],"collection":[{"href":"https:\/\/numerabilis.u-paris.fr\/partenaires\/sfhm\/wp-json\/wp\/v2\/pages"}],"about":[{"href":"https:\/\/numerabilis.u-paris.fr\/partenaires\/sfhm\/wp-json\/wp\/v2\/types\/page"}],"author":[{"embeddable":true,"href":"https:\/\/numerabilis.u-paris.fr\/partenaires\/sfhm\/wp-json\/wp\/v2\/users\/1"}],"replies":[{"embeddable":true,"href":"https:\/\/numerabilis.u-paris.fr\/partenaires\/sfhm\/wp-json\/wp\/v2\/comments?post=255"}],"version-history":[{"count":0,"href":"https:\/\/numerabilis.u-paris.fr\/partenaires\/sfhm\/wp-json\/wp\/v2\/pages\/255\/revisions"}],"up":[{"embeddable":true,"href":"https:\/\/numerabilis.u-paris.fr\/partenaires\/sfhm\/wp-json\/wp\/v2\/pages\/224"}],"wp:attachment":[{"href":"https:\/\/numerabilis.u-paris.fr\/partenaires\/sfhm\/wp-json\/wp\/v2\/media?parent=255"}],"curies":[{"name":"wp","href":"https:\/\/api.w.org\/{rel}","templated":true}]}}